{"id":392,"date":"2021-10-14T13:33:54","date_gmt":"2021-10-14T13:33:54","guid":{"rendered":"https:\/\/www.indarfor.it\/?page_id=392"},"modified":"2025-09-23T06:37:04","modified_gmt":"2025-09-23T06:37:04","slug":"operatore-socio-sanitario-o-s-s","status":"publish","type":"page","link":"https:\/\/www.indarfor.it\/index.php\/operatore-socio-sanitario-o-s-s\/","title":{"rendered":"iscrizioni"},"content":{"rendered":"\t\t<div data-elementor-type=\"wp-page\" data-elementor-id=\"392\" class=\"elementor elementor-392\" data-elementor-post-type=\"page\">\n\t\t\t\t\t\t<section class=\"elementor-section elementor-top-section elementor-element elementor-element-15640328 elementor-section-height-min-height elementor-section-boxed elementor-section-height-default elementor-section-items-middle\" data-id=\"15640328\" data-element_type=\"section\" data-settings=\"{&quot;background_background&quot;:&quot;classic&quot;}\">\n\t\t\t\t\t\t\t<div class=\"elementor-background-overlay\"><\/div>\n\t\t\t\t\t\t\t<div class=\"elementor-container elementor-column-gap-default\">\n\t\t\t\t\t<div class=\"elementor-column elementor-col-100 elementor-top-column elementor-element elementor-element-51281f54\" data-id=\"51281f54\" data-element_type=\"column\">\n\t\t\t<div class=\"elementor-widget-wrap elementor-element-populated\">\n\t\t\t\t\t\t\t<\/div>\n\t\t<\/div>\n\t\t\t\t\t<\/div>\n\t\t<\/section>\n\t\t\t\t<section class=\"elementor-section elementor-top-section elementor-element elementor-element-22894c4 elementor-section-boxed elementor-section-height-default elementor-section-height-default\" data-id=\"22894c4\" data-element_type=\"section\">\n\t\t\t\t\t\t<div class=\"elementor-container elementor-column-gap-default\">\n\t\t\t\t\t<div class=\"elementor-column elementor-col-100 elementor-top-column elementor-element elementor-element-0f05863\" data-id=\"0f05863\" data-element_type=\"column\">\n\t\t\t<div class=\"elementor-widget-wrap\">\n\t\t\t\t\t\t\t<\/div>\n\t\t<\/div>\n\t\t\t\t\t<\/div>\n\t\t<\/section>\n\t\t\t\t<section class=\"elementor-section elementor-top-section elementor-element elementor-element-9c5ea8a elementor-section-boxed elementor-section-height-default elementor-section-height-default\" data-id=\"9c5ea8a\" data-element_type=\"section\">\n\t\t\t\t\t\t<div class=\"elementor-container elementor-column-gap-default\">\n\t\t\t\t\t<div class=\"elementor-column elementor-col-100 elementor-top-column elementor-element elementor-element-946b296\" data-id=\"946b296\" data-element_type=\"column\">\n\t\t\t<div class=\"elementor-widget-wrap elementor-element-populated\">\n\t\t\t\t\t\t<div class=\"elementor-element elementor-element-a2c4d34 elementor-widget elementor-widget-image\" data-id=\"a2c4d34\" data-element_type=\"widget\" data-widget_type=\"image.default\">\n\t\t\t\t<div class=\"elementor-widget-container\">\n\t\t\t\t\t\t\t\t\t\t\t\t\t\t\t<img fetchpriority=\"high\" decoding=\"async\" width=\"2048\" height=\"113\" src=\"https:\/\/www.indarfor.it\/wp-content\/uploads\/2022\/11\/NEW_STRISCIA_LOGHI_ORIZZ_aggiornato-2048x113.png\" class=\"attachment-2048x2048 size-2048x2048 wp-image-1430\" alt=\"\" srcset=\"https:\/\/www.indarfor.it\/wp-content\/uploads\/2022\/11\/NEW_STRISCIA_LOGHI_ORIZZ_aggiornato-2048x113.png 2048w, https:\/\/www.indarfor.it\/wp-content\/uploads\/2022\/11\/NEW_STRISCIA_LOGHI_ORIZZ_aggiornato-300x17.png 300w, https:\/\/www.indarfor.it\/wp-content\/uploads\/2022\/11\/NEW_STRISCIA_LOGHI_ORIZZ_aggiornato-1024x57.png 1024w, https:\/\/www.indarfor.it\/wp-content\/uploads\/2022\/11\/NEW_STRISCIA_LOGHI_ORIZZ_aggiornato-768x42.png 768w, https:\/\/www.indarfor.it\/wp-content\/uploads\/2022\/11\/NEW_STRISCIA_LOGHI_ORIZZ_aggiornato-1536x85.png 1536w\" sizes=\"(max-width: 2048px) 100vw, 2048px\" \/>\t\t\t\t\t\t\t\t\t\t\t\t\t\t\t<\/div>\n\t\t\t\t<\/div>\n\t\t\t\t\t<\/div>\n\t\t<\/div>\n\t\t\t\t\t<\/div>\n\t\t<\/section>\n\t\t\t\t<section class=\"elementor-section elementor-top-section elementor-element elementor-element-51bbf42 elementor-section-boxed elementor-section-height-default elementor-section-height-default\" data-id=\"51bbf42\" data-element_type=\"section\">\n\t\t\t\t\t\t<div class=\"elementor-container elementor-column-gap-default\">\n\t\t\t\t\t<div class=\"elementor-column elementor-col-100 elementor-top-column elementor-element elementor-element-4896c82\" data-id=\"4896c82\" data-element_type=\"column\">\n\t\t\t<div class=\"elementor-widget-wrap\">\n\t\t\t\t\t\t\t<\/div>\n\t\t<\/div>\n\t\t\t\t\t<\/div>\n\t\t<\/section>\n\t\t\t\t<section class=\"elementor-section elementor-top-section elementor-element elementor-element-47596b2 elementor-reverse-mobile elementor-section-boxed elementor-section-height-default elementor-section-height-default\" data-id=\"47596b2\" data-element_type=\"section\">\n\t\t\t\t\t\t<div class=\"elementor-container elementor-column-gap-default\">\n\t\t\t\t\t<div class=\"elementor-column elementor-col-100 elementor-top-column elementor-element elementor-element-2d7d03ef\" data-id=\"2d7d03ef\" data-element_type=\"column\">\n\t\t\t<div class=\"elementor-widget-wrap elementor-element-populated\">\n\t\t\t\t\t\t<div class=\"elementor-element elementor-element-66253dc elementor-widget__width-initial elementor-widget elementor-widget-text-editor\" data-id=\"66253dc\" data-element_type=\"widget\" data-widget_type=\"text-editor.default\">\n\t\t\t\t<div class=\"elementor-widget-container\">\n\t\t\t\t\t\t\t\t\t<div><h2 style=\"text-align: center;\"><span style=\"color: var( --e-global-color-text ); font-family: inherit; font-size: 39.06px;\">Corsi OSS FORMAZIONE INIZIALE &#8211; 1000 ORE<\/span><\/h2><p>\u00a0<\/p><\/div><div><h3>Anno Formativo 2025\/2026<\/h3><\/div><div><div><div><div><div><div><p><b>A chi si rivolge: <\/b>Persone disoccupate, residenti in FVG<\/p><\/div><\/div><\/div><\/div><\/div><div><div><div><div><div><div><p><b>Durata: <\/b>1000 ore, di cui 550 ore di lezione in aula (lezioni teoriche e lezioni pratiche presso laboratori appositamente attrezzati) e 450 ore di Tirocinio in Ospedale, Casa di Riposo, Servizi di Assistenza Domiciliare e Strutture semi-residenziali (disabilit\u00e0 e salute mentale)<\/p><\/div><\/div><\/div><\/div><\/div><div><div><p><b>Attestato: <\/b>Qualifica professionale corrispondente al livello 3 EQF riconosciuta in tutto il territorio dell&#8217; Unione Europea<\/p><p><strong>Sbocchi professionali<\/strong>: l&#8217;Operatore Socio Sanitario \u00e8 una delle figure professionali pi\u00f9 ricercate nel mondo del lavoro, questo permette ai qualificati di poter valutare innumerevoli proposte lavorative optando per la realt\u00e0 pi\u00f9 in linea con le proprie capacit\u00e0, propensioni ed esigenze personali. La quasi totalit\u00e0 dei partecipanti viene assunta entro una settimana dalla conclusione del corso. La Qualifica professionale rilasciata al termine del corso permette l&#8217;accesso ai <strong>CONCORSI PUBBLICI<\/strong> e consente di lavorare nelle seguenti realt\u00e0:<\/p><ul><li>OSPEDALI ed RSA<\/li><li>CASE DI RIPOSO pubbliche e private<\/li><li>SERVIZI DI ASSISTENZA DOMICILIARE pubblici e privati<\/li><li>STRUTTURE PER LA DISABILITA&#8217; e SALUTE MENTALE<\/li><li>CENTRI DIURNI<\/li><li>SCUOLE<\/li><li>LIBERA PROFESSIONE e NUOVA IMPRESA<\/li><\/ul><\/div><div><div><div><div><div><p><b>\u00a0<\/b><\/p><p><b>Sedi dei corsi: <\/b>UDINE &#8211; CODROIPO &#8211; CORDENONS &#8211; SAN GIORGIO DI NOGARO &#8211; TARCENTO<\/p><\/div><\/div><\/div><\/div><\/div><\/div><\/div><\/div><div><p><strong>Condizioni di frequenza:\u00a0<\/strong>frequenza obbligatoria per il 90% delle ore previste<\/p><p><strong style=\"color: var( --e-global-color-text );\">La partecipazione ai corsi \u00e8 GRATUITA grazie al finanziamento del FSE+ della Regione Autonoma Friuli Venezia Giulia<\/strong><\/p><p><strong>Indennit\u00e0 di partecipazione: <\/strong>\u00e8 prevista un&#8217;indennit\u00e0 di 3,50 \u20ac per ogni ora di tirocinio effettivamente frequentata, per un totale massimo di <strong>1.575,00\u00a0 \u20ac<\/strong>. In base alle ore di tirocinio effettivamente svolte il partecipante ricever\u00e0 quindi, tramite bonifico o assegno, l&#8217;importo di 3,50 \u20ac all&#8217;ora per un totale di massimo 1.575,00 \u20ac (cio\u00e8 450 ore di tirocinio previste x 3,50 \u20ac).<\/p><\/div><div><div><div><div><div><div><p><b>Requisiti di accesso:<\/b><\/p><\/div><\/div><\/div><\/div><\/div><div><ul><li style=\"list-style-type: none;\"><ul><li>Residenza nel territorio Regionale;<\/li><li>Possesso del diploma di scuola dell\u2019obbligo (<strong>terza media<\/strong>) o assolvimento del diritto-dovere all\u2019istruzione ed alla formazione;<\/li><li>Compimento del diciottesimo anno di et\u00e0 alla data d\u2019iscrizione al corso;<\/li><li>Stato di disoccupazione alla data di inizio dell\u2019attivit\u00e0 formativa in senso stretto.<\/li><\/ul><\/li><\/ul><div>\u00a0<\/div><p><span style=\"color: var( --e-global-color-text );\">Gli allievi\/e devono essere sottoposti agli accertamenti sanitari e alle vaccinazioni previste dalle vigenti disposizioni di legge per l\u2019espletamento delle attivit\u00e0 sociosanitarie. <\/span><span style=\"color: var( --e-global-color-text );\">L\u2019ammissione al\u00a0 corso avviene solo a seguito di accertamento medico di idoneit\u00e0 psicofisica, senza limitazioni, per lo svolgimento delle funzioni specifiche previste dal profilo professionale.<\/span><\/p><p>Gli allievi\/e di nazionalit\u00e0 straniera devono dimostrare la conoscenza della lingua italiana almeno di livello <strong>B1.\u00a0<\/strong>Il livello di conoscenza della lingua \u00e8 verificato dall\u2019ente con l\u2019erogazione di un apposito test di ingresso.<\/p><p><strong><span style=\"color: var( --e-global-color-text );\">Selezioni: <\/span><\/strong><span style=\"color: var( --e-global-color-text );\">l&#8217; ammissione ai corsi \u00e8 subordinata al superamento di una prova scritta, consistente in un test di cultura generale, alla quale seguir\u00e0 un colloquio psico-attitudinale al quale accederanno coloro che avranno superato la prova scritta.<\/span><\/p><\/div><\/div><section><\/section><section><\/section><section><p><strong>Iscrizioni:<\/strong> iscrizioni chiuse. Per manifestare la pre-adesione ai corsi dell&#8217; a.f. 2026 contattare la segreteria al numero 0432\/512050.<\/p><\/section><section><div><div><p><strong>Perch\u00e9 scegliere di iscriversi al corso di OPERATORE SOCIO SANITARIO affidandosi a Indar Formazione e Sviluppo?<\/strong><\/p><ul><li>corso GRATUITO comprensivo di materiale didattico, libro di testo, calzature e divise per lo svolgimento del tirocinio<\/li><li>sbocchi occupazionali IMMEDIATI e STABILI sia in ambito pubblico che privato<\/li><li>percorso formativo e tirocini organizzati da coordinatori e tutor specializzati nella formazione in ambito socio-sanitario e assistenziale<\/li><li>docenti con pluriennale esperienza in ambito socio-sanitario e assistenziale sia pubblico che privato e con consolidata esperienza nella formazione<\/li><li>servizio gratuito di orientamento e di assistenza al placement grazie ai consolidati rapporti di INDAR con tutte le realt\u00e0 socio-assistenziali della Regione<\/li><li>INDAR \u00e8 riconosciuto come ente di riferimento per la formazione dell&#8217;OSS in Friuli Venezia Giulia. La formazione in Indar \u00e8 valore aggiunto anche in sede di colloquio di lavoro<\/li><\/ul><\/div><\/div><p>Per ulteriori informazioni \u00e8 possibile contattare la segreteria al numero 0432\/512050 o all&#8217;indirizzo e-mail info@indarfor.it.<\/p><p><span style=\"font-size: 16px;\">Le informazioni sono disponibili anche sul sito web della Regione Autonoma Friuli Venezia Giulia (<\/span><a style=\"font-size: 16px;\" href=\"http:\/\/www.regione.fvg.it\/rafvg\/cms\/RAFVG\/formazione-lavoro\/formazione\/FOGLIA10\/\">www.regione.fvg.it<span style=\"color: #000000;\">)<\/span><\/a><\/p><\/section>\t\t\t\t\t\t\t\t<\/div>\n\t\t\t\t<\/div>\n\t\t\t\t\t<\/div>\n\t\t<\/div>\n\t\t\t\t\t<\/div>\n\t\t<\/section>\n\t\t\t\t<section class=\"elementor-section elementor-top-section elementor-element elementor-element-cd47b0f elementor-section-boxed elementor-section-height-default elementor-section-height-default\" data-id=\"cd47b0f\" data-element_type=\"section\">\n\t\t\t\t\t\t<div class=\"elementor-container elementor-column-gap-default\">\n\t\t\t\t\t<div class=\"elementor-column elementor-col-50 elementor-top-column elementor-element elementor-element-4722165\" data-id=\"4722165\" data-element_type=\"column\">\n\t\t\t<div class=\"elementor-widget-wrap elementor-element-populated\">\n\t\t\t\t\t\t<div class=\"elementor-element elementor-element-053f3ee elementor-widget elementor-widget-image\" data-id=\"053f3ee\" data-element_type=\"widget\" data-widget_type=\"image.default\">\n\t\t\t\t<div class=\"elementor-widget-container\">\n\t\t\t\t\t\t\t\t\t\t\t\t\t\t\t<img decoding=\"async\" src=\"https:\/\/www.indarfor.it\/wp-content\/uploads\/2025\/05\/487434316_1406085267488161_2271406306168120071_n.jpg\" title=\"487434316_1406085267488161_2271406306168120071_n\" alt=\"487434316_1406085267488161_2271406306168120071_n\" loading=\"lazy\" \/>\t\t\t\t\t\t\t\t\t\t\t\t\t\t\t<\/div>\n\t\t\t\t<\/div>\n\t\t\t\t\t<\/div>\n\t\t<\/div>\n\t\t\t\t<div class=\"elementor-column elementor-col-50 elementor-top-column elementor-element elementor-element-0558a4c\" data-id=\"0558a4c\" data-element_type=\"column\">\n\t\t\t<div class=\"elementor-widget-wrap elementor-element-populated\">\n\t\t\t\t\t\t<div class=\"elementor-element elementor-element-47ff690 elementor-widget__width-initial elementor-widget elementor-widget-image\" data-id=\"47ff690\" data-element_type=\"widget\" data-widget_type=\"image.default\">\n\t\t\t\t<div class=\"elementor-widget-container\">\n\t\t\t\t\t\t\t\t\t\t\t\t\t\t\t<img decoding=\"async\" width=\"800\" height=\"600\" src=\"https:\/\/www.indarfor.it\/wp-content\/uploads\/2025\/05\/490019395_1418000432963311_1155503783932854199_n-1024x768.jpg\" class=\"attachment-large size-large wp-image-3081\" alt=\"\" srcset=\"https:\/\/www.indarfor.it\/wp-content\/uploads\/2025\/05\/490019395_1418000432963311_1155503783932854199_n-1024x768.jpg 1024w, https:\/\/www.indarfor.it\/wp-content\/uploads\/2025\/05\/490019395_1418000432963311_1155503783932854199_n-300x225.jpg 300w, https:\/\/www.indarfor.it\/wp-content\/uploads\/2025\/05\/490019395_1418000432963311_1155503783932854199_n-768x576.jpg 768w, https:\/\/www.indarfor.it\/wp-content\/uploads\/2025\/05\/490019395_1418000432963311_1155503783932854199_n-1536x1152.jpg 1536w, https:\/\/www.indarfor.it\/wp-content\/uploads\/2025\/05\/490019395_1418000432963311_1155503783932854199_n.jpg 1600w\" sizes=\"(max-width: 800px) 100vw, 800px\" \/>\t\t\t\t\t\t\t\t\t\t\t\t\t\t\t<\/div>\n\t\t\t\t<\/div>\n\t\t\t\t\t<\/div>\n\t\t<\/div>\n\t\t\t\t\t<\/div>\n\t\t<\/section>\n\t\t\t\t<section class=\"elementor-section elementor-top-section elementor-element elementor-element-819b239 elementor-section-boxed elementor-section-height-default elementor-section-height-default\" data-id=\"819b239\" data-element_type=\"section\">\n\t\t\t\t\t\t<div class=\"elementor-container elementor-column-gap-default\">\n\t\t\t\t\t<div class=\"elementor-column elementor-col-100 elementor-top-column elementor-element elementor-element-357dc0e\" data-id=\"357dc0e\" data-element_type=\"column\">\n\t\t\t<div class=\"elementor-widget-wrap elementor-element-populated\">\n\t\t\t\t\t\t<div class=\"elementor-element elementor-element-5135b54 elementor-widget elementor-widget-image\" data-id=\"5135b54\" data-element_type=\"widget\" data-widget_type=\"image.default\">\n\t\t\t\t<div class=\"elementor-widget-container\">\n\t\t\t\t\t\t\t\t\t\t\t\t\t\t\t<img decoding=\"async\" width=\"573\" height=\"187\" src=\"https:\/\/www.indarfor.it\/wp-content\/uploads\/2025\/05\/Immagine-2025-05-27-171700.png\" class=\"attachment-large size-large wp-image-3084\" alt=\"\" srcset=\"https:\/\/www.indarfor.it\/wp-content\/uploads\/2025\/05\/Immagine-2025-05-27-171700.png 573w, https:\/\/www.indarfor.it\/wp-content\/uploads\/2025\/05\/Immagine-2025-05-27-171700-300x98.png 300w\" sizes=\"(max-width: 573px) 100vw, 573px\" \/>\t\t\t\t\t\t\t\t\t\t\t\t\t\t\t<\/div>\n\t\t\t\t<\/div>\n\t\t\t\t\t<\/div>\n\t\t<\/div>\n\t\t\t\t\t<\/div>\n\t\t<\/section>\n\t\t\t\t<section class=\"elementor-section elementor-top-section elementor-element elementor-element-1d0529e elementor-section-boxed elementor-section-height-default elementor-section-height-default\" data-id=\"1d0529e\" data-element_type=\"section\">\n\t\t\t\t\t\t<div class=\"elementor-container elementor-column-gap-default\">\n\t\t\t\t\t<div class=\"elementor-column elementor-col-100 elementor-top-column elementor-element elementor-element-d4429e4\" data-id=\"d4429e4\" data-element_type=\"column\">\n\t\t\t<div class=\"elementor-widget-wrap\">\n\t\t\t\t\t\t\t<\/div>\n\t\t<\/div>\n\t\t\t\t\t<\/div>\n\t\t<\/section>\n\t\t\t\t<section class=\"elementor-section elementor-top-section elementor-element elementor-element-88b3792 elementor-section-boxed elementor-section-height-default elementor-section-height-default\" data-id=\"88b3792\" data-element_type=\"section\">\n\t\t\t\t\t\t<div class=\"elementor-container elementor-column-gap-default\">\n\t\t\t\t\t<div class=\"elementor-column elementor-col-100 elementor-top-column elementor-element elementor-element-094d9c3\" data-id=\"094d9c3\" data-element_type=\"column\">\n\t\t\t<div class=\"elementor-widget-wrap elementor-element-populated\">\n\t\t\t\t\t\t<div class=\"elementor-element elementor-element-03e4498 elementor-widget elementor-widget-text-editor\" data-id=\"03e4498\" data-element_type=\"widget\" data-widget_type=\"text-editor.default\">\n\t\t\t\t<div class=\"elementor-widget-container\">\n\t\t\t\t\t\t\t\t\t<p style=\"text-align: center;\"><em>Si \u00e8 beneficiato del sostegno cofinanziato dal Fondo Sociale Europeo Plus della Regione Autonoma Friuli Venezia Giulia.<\/em><\/p>\t\t\t\t\t\t\t\t<\/div>\n\t\t\t\t<\/div>\n\t\t\t\t\t<\/div>\n\t\t<\/div>\n\t\t\t\t\t<\/div>\n\t\t<\/section>\n\t\t\t\t<section class=\"elementor-section elementor-top-section elementor-element elementor-element-736af20 elementor-section-boxed elementor-section-height-default elementor-section-height-default\" data-id=\"736af20\" data-element_type=\"section\">\n\t\t\t\t\t\t<div class=\"elementor-container elementor-column-gap-default\">\n\t\t\t\t\t<div class=\"elementor-column elementor-col-100 elementor-top-column elementor-element elementor-element-b85217c\" data-id=\"b85217c\" data-element_type=\"column\">\n\t\t\t<div class=\"elementor-widget-wrap elementor-element-populated\">\n\t\t\t\t\t\t<div class=\"elementor-element elementor-element-c2abb93 elementor-widget elementor-widget-image\" data-id=\"c2abb93\" data-element_type=\"widget\" data-widget_type=\"image.default\">\n\t\t\t\t<div class=\"elementor-widget-container\">\n\t\t\t\t\t\t\t\t\t\t\t\t\t\t\t<img fetchpriority=\"high\" decoding=\"async\" width=\"2048\" height=\"113\" src=\"https:\/\/www.indarfor.it\/wp-content\/uploads\/2022\/11\/NEW_STRISCIA_LOGHI_ORIZZ_aggiornato-2048x113.png\" class=\"attachment-2048x2048 size-2048x2048 wp-image-1430\" alt=\"\" srcset=\"https:\/\/www.indarfor.it\/wp-content\/uploads\/2022\/11\/NEW_STRISCIA_LOGHI_ORIZZ_aggiornato-2048x113.png 2048w, https:\/\/www.indarfor.it\/wp-content\/uploads\/2022\/11\/NEW_STRISCIA_LOGHI_ORIZZ_aggiornato-300x17.png 300w, https:\/\/www.indarfor.it\/wp-content\/uploads\/2022\/11\/NEW_STRISCIA_LOGHI_ORIZZ_aggiornato-1024x57.png 1024w, https:\/\/www.indarfor.it\/wp-content\/uploads\/2022\/11\/NEW_STRISCIA_LOGHI_ORIZZ_aggiornato-768x42.png 768w, https:\/\/www.indarfor.it\/wp-content\/uploads\/2022\/11\/NEW_STRISCIA_LOGHI_ORIZZ_aggiornato-1536x85.png 1536w\" sizes=\"(max-width: 2048px) 100vw, 2048px\" \/>\t\t\t\t\t\t\t\t\t\t\t\t\t\t\t<\/div>\n\t\t\t\t<\/div>\n\t\t\t\t\t<\/div>\n\t\t<\/div>\n\t\t\t\t\t<\/div>\n\t\t<\/section>\n\t\t\t\t<section class=\"elementor-section elementor-top-section elementor-element elementor-element-2e7b1ab elementor-section-boxed elementor-section-height-default elementor-section-height-default\" data-id=\"2e7b1ab\" data-element_type=\"section\">\n\t\t\t\t\t\t<div class=\"elementor-container elementor-column-gap-default\">\n\t\t\t\t\t<div class=\"elementor-column elementor-col-100 elementor-top-column elementor-element elementor-element-7175813\" data-id=\"7175813\" data-element_type=\"column\">\n\t\t\t<div class=\"elementor-widget-wrap\">\n\t\t\t\t\t\t\t<\/div>\n\t\t<\/div>\n\t\t\t\t\t<\/div>\n\t\t<\/section>\n\t\t\t\t<\/div>\n\t\t","protected":false},"excerpt":{"rendered":"<p>Corsi OSS FORMAZIONE INIZIALE &#8211; 1000 ORE Anno Formativo 2025\/2026 A chi si rivolge: Persone disoccupate, residenti in FVG Durata: 1000 ore, di cui 550 ore di lezione in aula (lezioni teoriche e lezioni pratiche presso laboratori appositamente attrezzati) e 450 ore di Tirocinio in Ospedale, Casa di Riposo, Servizi di Assistenza Domiciliare e Strutture [&hellip;]<\/p>\n","protected":false},"author":1,"featured_media":0,"parent":0,"menu_order":0,"comment_status":"closed","ping_status":"closed","template":"elementor_header_footer","meta":{"footnotes":""},"class_list":["post-392","page","type-page","status-publish","hentry"],"yoast_head":"<!-- This site is optimized with the Yoast SEO plugin v24.7 - https:\/\/yoast.com\/wordpress\/plugins\/seo\/ -->\n<title>iscrizioni - Indar Formazione &amp; Sviluppo<\/title>\n<meta name=\"robots\" content=\"index, follow, max-snippet:-1, max-image-preview:large, max-video-preview:-1\" \/>\n<link rel=\"canonical\" href=\"https:\/\/www.indarfor.it\/index.php\/operatore-socio-sanitario-o-s-s\/\" \/>\n<meta property=\"og:locale\" content=\"it_IT\" \/>\n<meta property=\"og:type\" content=\"article\" \/>\n<meta property=\"og:title\" content=\"iscrizioni - Indar Formazione &amp; Sviluppo\" \/>\n<meta property=\"og:description\" content=\"Corsi OSS FORMAZIONE INIZIALE &#8211; 1000 ORE Anno Formativo 2025\/2026 A chi si rivolge: Persone disoccupate, residenti in FVG Durata: 1000 ore, di cui 550 ore di lezione in aula (lezioni teoriche e lezioni pratiche presso laboratori appositamente attrezzati) e 450 ore di Tirocinio in Ospedale, Casa di Riposo, Servizi di Assistenza Domiciliare e Strutture [&hellip;]\" \/>\n<meta property=\"og:url\" content=\"https:\/\/www.indarfor.it\/index.php\/operatore-socio-sanitario-o-s-s\/\" \/>\n<meta property=\"og:site_name\" content=\"Indar Formazione &amp; Sviluppo\" \/>\n<meta property=\"article:modified_time\" content=\"2025-09-23T06:37:04+00:00\" \/>\n<meta property=\"og:image\" content=\"https:\/\/www.indarfor.it\/wp-content\/uploads\/2022\/11\/NEW_STRISCIA_LOGHI_ORIZZ_aggiornato-2048x113.png\" \/>\n<meta name=\"twitter:card\" content=\"summary_large_image\" \/>\n<meta name=\"twitter:label1\" content=\"Tempo di lettura stimato\" \/>\n\t<meta name=\"twitter:data1\" content=\"5 minuti\" \/>\n<script type=\"application\/ld+json\" class=\"yoast-schema-graph\">{\"@context\":\"https:\/\/schema.org\",\"@graph\":[{\"@type\":\"WebPage\",\"@id\":\"https:\/\/www.indarfor.it\/index.php\/operatore-socio-sanitario-o-s-s\/\",\"url\":\"https:\/\/www.indarfor.it\/index.php\/operatore-socio-sanitario-o-s-s\/\",\"name\":\"iscrizioni - Indar Formazione &amp; Sviluppo\",\"isPartOf\":{\"@id\":\"https:\/\/www.indarfor.it\/#website\"},\"primaryImageOfPage\":{\"@id\":\"https:\/\/www.indarfor.it\/index.php\/operatore-socio-sanitario-o-s-s\/#primaryimage\"},\"image\":{\"@id\":\"https:\/\/www.indarfor.it\/index.php\/operatore-socio-sanitario-o-s-s\/#primaryimage\"},\"thumbnailUrl\":\"https:\/\/www.indarfor.it\/wp-content\/uploads\/2022\/11\/NEW_STRISCIA_LOGHI_ORIZZ_aggiornato-2048x113.png\",\"datePublished\":\"2021-10-14T13:33:54+00:00\",\"dateModified\":\"2025-09-23T06:37:04+00:00\",\"breadcrumb\":{\"@id\":\"https:\/\/www.indarfor.it\/index.php\/operatore-socio-sanitario-o-s-s\/#breadcrumb\"},\"inLanguage\":\"it-IT\",\"potentialAction\":[{\"@type\":\"ReadAction\",\"target\":[\"https:\/\/www.indarfor.it\/index.php\/operatore-socio-sanitario-o-s-s\/\"]}]},{\"@type\":\"ImageObject\",\"inLanguage\":\"it-IT\",\"@id\":\"https:\/\/www.indarfor.it\/index.php\/operatore-socio-sanitario-o-s-s\/#primaryimage\",\"url\":\"https:\/\/www.indarfor.it\/wp-content\/uploads\/2022\/11\/NEW_STRISCIA_LOGHI_ORIZZ_aggiornato.png\",\"contentUrl\":\"https:\/\/www.indarfor.it\/wp-content\/uploads\/2022\/11\/NEW_STRISCIA_LOGHI_ORIZZ_aggiornato.png\",\"width\":3111,\"height\":172},{\"@type\":\"BreadcrumbList\",\"@id\":\"https:\/\/www.indarfor.it\/index.php\/operatore-socio-sanitario-o-s-s\/#breadcrumb\",\"itemListElement\":[{\"@type\":\"ListItem\",\"position\":1,\"name\":\"Home\",\"item\":\"https:\/\/www.indarfor.it\/\"},{\"@type\":\"ListItem\",\"position\":2,\"name\":\"iscrizioni\"}]},{\"@type\":\"WebSite\",\"@id\":\"https:\/\/www.indarfor.it\/#website\",\"url\":\"https:\/\/www.indarfor.it\/\",\"name\":\"Indar Formazione &amp; Sviluppo\",\"description\":\"Ente di formazione\",\"potentialAction\":[{\"@type\":\"SearchAction\",\"target\":{\"@type\":\"EntryPoint\",\"urlTemplate\":\"https:\/\/www.indarfor.it\/?s={search_term_string}\"},\"query-input\":{\"@type\":\"PropertyValueSpecification\",\"valueRequired\":true,\"valueName\":\"search_term_string\"}}],\"inLanguage\":\"it-IT\"}]}<\/script>\n<!-- \/ Yoast SEO plugin. -->","yoast_head_json":{"title":"iscrizioni - Indar Formazione &amp; Sviluppo","robots":{"index":"index","follow":"follow","max-snippet":"max-snippet:-1","max-image-preview":"max-image-preview:large","max-video-preview":"max-video-preview:-1"},"canonical":"https:\/\/www.indarfor.it\/index.php\/operatore-socio-sanitario-o-s-s\/","og_locale":"it_IT","og_type":"article","og_title":"iscrizioni - Indar Formazione &amp; Sviluppo","og_description":"Corsi OSS FORMAZIONE INIZIALE &#8211; 1000 ORE Anno Formativo 2025\/2026 A chi si rivolge: Persone disoccupate, residenti in FVG Durata: 1000 ore, di cui 550 ore di lezione in aula (lezioni teoriche e lezioni pratiche presso laboratori appositamente attrezzati) e 450 ore di Tirocinio in Ospedale, Casa di Riposo, Servizi di Assistenza Domiciliare e Strutture [&hellip;]","og_url":"https:\/\/www.indarfor.it\/index.php\/operatore-socio-sanitario-o-s-s\/","og_site_name":"Indar Formazione &amp; Sviluppo","article_modified_time":"2025-09-23T06:37:04+00:00","og_image":[{"url":"https:\/\/www.indarfor.it\/wp-content\/uploads\/2022\/11\/NEW_STRISCIA_LOGHI_ORIZZ_aggiornato-2048x113.png","type":"","width":"","height":""}],"twitter_card":"summary_large_image","twitter_misc":{"Tempo di lettura stimato":"5 minuti"},"schema":{"@context":"https:\/\/schema.org","@graph":[{"@type":"WebPage","@id":"https:\/\/www.indarfor.it\/index.php\/operatore-socio-sanitario-o-s-s\/","url":"https:\/\/www.indarfor.it\/index.php\/operatore-socio-sanitario-o-s-s\/","name":"iscrizioni - Indar Formazione &amp; Sviluppo","isPartOf":{"@id":"https:\/\/www.indarfor.it\/#website"},"primaryImageOfPage":{"@id":"https:\/\/www.indarfor.it\/index.php\/operatore-socio-sanitario-o-s-s\/#primaryimage"},"image":{"@id":"https:\/\/www.indarfor.it\/index.php\/operatore-socio-sanitario-o-s-s\/#primaryimage"},"thumbnailUrl":"https:\/\/www.indarfor.it\/wp-content\/uploads\/2022\/11\/NEW_STRISCIA_LOGHI_ORIZZ_aggiornato-2048x113.png","datePublished":"2021-10-14T13:33:54+00:00","dateModified":"2025-09-23T06:37:04+00:00","breadcrumb":{"@id":"https:\/\/www.indarfor.it\/index.php\/operatore-socio-sanitario-o-s-s\/#breadcrumb"},"inLanguage":"it-IT","potentialAction":[{"@type":"ReadAction","target":["https:\/\/www.indarfor.it\/index.php\/operatore-socio-sanitario-o-s-s\/"]}]},{"@type":"ImageObject","inLanguage":"it-IT","@id":"https:\/\/www.indarfor.it\/index.php\/operatore-socio-sanitario-o-s-s\/#primaryimage","url":"https:\/\/www.indarfor.it\/wp-content\/uploads\/2022\/11\/NEW_STRISCIA_LOGHI_ORIZZ_aggiornato.png","contentUrl":"https:\/\/www.indarfor.it\/wp-content\/uploads\/2022\/11\/NEW_STRISCIA_LOGHI_ORIZZ_aggiornato.png","width":3111,"height":172},{"@type":"BreadcrumbList","@id":"https:\/\/www.indarfor.it\/index.php\/operatore-socio-sanitario-o-s-s\/#breadcrumb","itemListElement":[{"@type":"ListItem","position":1,"name":"Home","item":"https:\/\/www.indarfor.it\/"},{"@type":"ListItem","position":2,"name":"iscrizioni"}]},{"@type":"WebSite","@id":"https:\/\/www.indarfor.it\/#website","url":"https:\/\/www.indarfor.it\/","name":"Indar Formazione &amp; Sviluppo","description":"Ente di formazione","potentialAction":[{"@type":"SearchAction","target":{"@type":"EntryPoint","urlTemplate":"https:\/\/www.indarfor.it\/?s={search_term_string}"},"query-input":{"@type":"PropertyValueSpecification","valueRequired":true,"valueName":"search_term_string"}}],"inLanguage":"it-IT"}]}},"_links":{"self":[{"href":"https:\/\/www.indarfor.it\/index.php\/wp-json\/wp\/v2\/pages\/392","targetHints":{"allow":["GET"]}}],"collection":[{"href":"https:\/\/www.indarfor.it\/index.php\/wp-json\/wp\/v2\/pages"}],"about":[{"href":"https:\/\/www.indarfor.it\/index.php\/wp-json\/wp\/v2\/types\/page"}],"author":[{"embeddable":true,"href":"https:\/\/www.indarfor.it\/index.php\/wp-json\/wp\/v2\/users\/1"}],"replies":[{"embeddable":true,"href":"https:\/\/www.indarfor.it\/index.php\/wp-json\/wp\/v2\/comments?post=392"}],"version-history":[{"count":549,"href":"https:\/\/www.indarfor.it\/index.php\/wp-json\/wp\/v2\/pages\/392\/revisions"}],"predecessor-version":[{"id":3228,"href":"https:\/\/www.indarfor.it\/index.php\/wp-json\/wp\/v2\/pages\/392\/revisions\/3228"}],"wp:attachment":[{"href":"https:\/\/www.indarfor.it\/index.php\/wp-json\/wp\/v2\/media?parent=392"}],"curies":[{"name":"wp","href":"https:\/\/api.w.org\/{rel}","templated":true}]}}