{"id":3104,"date":"2025-05-27T15:54:38","date_gmt":"2025-05-27T15:54:38","guid":{"rendered":"https:\/\/www.indarfor.it\/?page_id=3104"},"modified":"2026-03-25T13:29:35","modified_gmt":"2026-03-25T13:29:35","slug":"programma-specifico-24-23-formazione-a-favore-di-persone-a-rischio-di-esclusione-marginalita-discriminazione-in-carico-ai-servizi-sociali-sanitari-e-ai-servizi-di-collocamento-mirato","status":"publish","type":"page","link":"https:\/\/www.indarfor.it\/index.php\/programma-specifico-24-23-formazione-a-favore-di-persone-a-rischio-di-esclusione-marginalita-discriminazione-in-carico-ai-servizi-sociali-sanitari-e-ai-servizi-di-collocamento-mirato\/","title":{"rendered":"Programma Specifico 40\/23 &#8211;  INTEGRA"},"content":{"rendered":"\t\t<div data-elementor-type=\"wp-page\" data-elementor-id=\"3104\" class=\"elementor elementor-3104\" data-elementor-post-type=\"page\">\n\t\t\t\t\t\t<section class=\"elementor-section elementor-top-section elementor-element elementor-element-2bf0b49a elementor-section-boxed elementor-section-height-default elementor-section-height-default\" data-id=\"2bf0b49a\" data-element_type=\"section\">\n\t\t\t\t\t\t<div class=\"elementor-container elementor-column-gap-default\">\n\t\t\t\t\t<div class=\"elementor-column elementor-col-100 elementor-top-column elementor-element elementor-element-3be3190d\" data-id=\"3be3190d\" data-element_type=\"column\">\n\t\t\t<div class=\"elementor-widget-wrap elementor-element-populated\">\n\t\t\t\t\t\t<div class=\"elementor-element elementor-element-68341003 elementor-widget elementor-widget-text-editor\" data-id=\"68341003\" data-element_type=\"widget\" data-widget_type=\"text-editor.default\">\n\t\t\t\t<div class=\"elementor-widget-container\">\n\t\t\t\t\t\t\t\t\t<h3 style=\"text-align: center;\"><strong>PROGRAMMA SPECIFICO N. 40\/23 &#8211; INTEGRA<\/strong><\/h3><h4 style=\"text-align: center;\">FORMAZIONE A FAVORE DI PERSONE IN CONDIZIONI DI SVANTAGGIO E A PERSONE CON DISABILITA&#8217; IN CARICO AI SERVIZI SOCIALI, AI SERVIZI DI INTEGRAZIONE LAVORATIVA (SIL), AI SERVIZI SANITARI, AL COLLOCAMENTE MIRATO, A COMUNI E PREFETTURE DEL TERRITORIO REGIONALE<\/h4><p>Indar Formazione &amp; Sviluppo organizza percorsi formativi finalizzati all&#8217;inclusione sociale, integrazione e inserimento occupazionale delle persone in condizioni di svantaggio. Tali percorsi formativi vengono realizzati grazie alla progettazione partecipata con i Servizi Sociali, i Servizi di integrazione lavorativa (SIL), i Servizi Sanitari, il Collocamento mirato, i Comuni e le Prefetture del territorio regionale.<\/p><p><strong>DESTINATARI:<\/strong><br \/>Persone in carico ai servizi del territorio regionale sopra elencati con almeno 18 anni compiuti al momento dell&#8217;avvio delle attivit\u00e0 formative. Possono essere destinatari delle attivit\u00e0 formative anche i minori in condizioni di svantaggio e i minori con disabilit\u00e0 che abbiano compiuto almeno 16 anni di et\u00e0.<\/p><p><strong>STRUTTURA DELLE OPERAZIONI:<\/strong><\/p><ul><li>PERCORSI DI GRUPPO DI FORMAZIONE, ACQUISIZIONE E RAFFORZAMENTO DI COMPETENZE TRASVERSALI: le attivit\u00e0 formative sono finalizzate all&#8217;orientamento ed all&#8217;acquisizione e rafforzamento di conoscenze e competenze di carattere trasversale altres\u00ec di tipo linguistico o digitale, anche con modalit\u00e0 didattiche innovative\/sperimentali. Sono previste attivit\u00e0 d&#8217;aula, attivit\u00e0 laboratoriale e visite didattiche.<\/li><li>PERCORSI DI FORMAZIONE, ACQUISIZIONE E RAFFORZAMENTO DI COMPETENZE TECNICO-PROFESSIONALI (PERCORSO PROFESSIONALIZZANTI): le attivit\u00e0 formative, realizzate anche con modalit\u00e0 didattiche innovative\/sperimentali, sono finalizzate a fornire ai partecipanti competenze di carattere professionalizzante aderenti ai fabbisogni manifestati dal territorio, anche attraverso la realizzazione di uno stage.<\/li><li>PERCORSI INDIVIDUALIZZATI DI FORMAZIONE, ACQUISIZIONE E RAFFORZAMENTO DI COMPETENZE TRASVERSALI: le attivit\u00e0 formative con modalit\u00e0 individuale sono mirate all&#8217;orientamento al lavoro, all&#8217;alfabetizzazione linguistica o informatica ed all&#8217;acquisizione e rafforzamento di conoscenze e competenze di carattere trasversale, competenze di base per l&#8217;accompagnamento a percorsi professionalizzanti e propedeutiche all&#8217;inserimento in percorsi formativi o di tirocinio, anche tramite l&#8217;utilizzo di modalit\u00e0 didattiche innovative\/sperimentali, comprese le visite didattiche.<\/li><\/ul><p>\u00a0<\/p><p><strong>INDENNITA&#8217; DI FREQUENZA:<br \/><\/strong>Agli allievi\/e frequentanti i corsi \u00e8 corrisposta un&#8217;indennit\u00e0 oraria a risultato di \u20ac 3,50 per ogni ora di effettiva presenza. Il risultato \u00e8 costituito dall&#8217;effettiva partecipazione all&#8217;attivit\u00e0 formativa certificata sul registro &#8211; al netto della prova finale &#8211; di almeno il 70% delle ore.<\/p><p><strong>La partecipazione alle operazioni \u00e8 a titolo GRATUITO.<\/strong><\/p><p><strong>INFORMAZIONI ED ISCRIZIONI:<\/strong><br \/>Per informazioni ed iscrizioni \u00e8 possibile contattare la Segreteria al numero 0432\/512050 o all\u2019indirizzo mail info@indarfor.it o recarsi presso gli uffici Indar in Via San Osvaldo n. 36 a Udine dal luned\u00ec al venerd\u00ec dalle 09.00 alle 13.00 e dalle 14.00 alle 18.00.<\/p><p style=\"text-align: center;\"><strong>Si \u00e8 beneficiato del sostegno cofinanziato dal Fondo Sociale Europeo Plus della Regione Autonoma Friuli Venezia Giulia.<\/strong><\/p><p><img fetchpriority=\"high\" decoding=\"async\" class=\"aligncenter wp-image-2469 size-full\" src=\"https:\/\/www.indarfor.it\/wp-content\/uploads\/2024\/08\/logo-PIAZZA.jpg\" alt=\"\" width=\"1608\" height=\"132\" srcset=\"https:\/\/www.indarfor.it\/wp-content\/uploads\/2024\/08\/logo-PIAZZA.jpg 1608w, https:\/\/www.indarfor.it\/wp-content\/uploads\/2024\/08\/logo-PIAZZA-300x25.jpg 300w, https:\/\/www.indarfor.it\/wp-content\/uploads\/2024\/08\/logo-PIAZZA-1024x84.jpg 1024w, https:\/\/www.indarfor.it\/wp-content\/uploads\/2024\/08\/logo-PIAZZA-768x63.jpg 768w, https:\/\/www.indarfor.it\/wp-content\/uploads\/2024\/08\/logo-PIAZZA-1536x126.jpg 1536w\" sizes=\"(max-width: 1608px) 100vw, 1608px\" \/><\/p>\t\t\t\t\t\t\t\t<\/div>\n\t\t\t\t<\/div>\n\t\t\t\t\t<\/div>\n\t\t<\/div>\n\t\t\t\t\t<\/div>\n\t\t<\/section>\n\t\t\t\t<\/div>\n\t\t","protected":false},"excerpt":{"rendered":"<p>PROGRAMMA SPECIFICO N. 40\/23 &#8211; INTEGRA FORMAZIONE A FAVORE DI PERSONE IN CONDIZIONI DI SVANTAGGIO E A PERSONE CON DISABILITA&#8217; IN CARICO AI SERVIZI SOCIALI, AI SERVIZI DI INTEGRAZIONE LAVORATIVA (SIL), AI SERVIZI SANITARI, AL COLLOCAMENTE MIRATO, A COMUNI E PREFETTURE DEL TERRITORIO REGIONALE Indar Formazione &amp; Sviluppo organizza percorsi formativi finalizzati all&#8217;inclusione sociale, integrazione [&hellip;]<\/p>\n","protected":false},"author":1,"featured_media":0,"parent":0,"menu_order":0,"comment_status":"closed","ping_status":"closed","template":"","meta":{"footnotes":""},"class_list":["post-3104","page","type-page","status-publish","hentry"],"yoast_head":"<!-- This site is optimized with the Yoast SEO plugin v24.7 - https:\/\/yoast.com\/wordpress\/plugins\/seo\/ -->\n<title>Programma Specifico 40\/23 - INTEGRA - Indar Formazione &amp; Sviluppo<\/title>\n<meta name=\"robots\" content=\"index, follow, max-snippet:-1, max-image-preview:large, max-video-preview:-1\" \/>\n<link rel=\"canonical\" href=\"https:\/\/www.indarfor.it\/index.php\/programma-specifico-24-23-formazione-a-favore-di-persone-a-rischio-di-esclusione-marginalita-discriminazione-in-carico-ai-servizi-sociali-sanitari-e-ai-servizi-di-collocamento-mirato\/\" \/>\n<meta property=\"og:locale\" content=\"it_IT\" \/>\n<meta property=\"og:type\" content=\"article\" \/>\n<meta property=\"og:title\" content=\"Programma Specifico 40\/23 - INTEGRA - Indar Formazione &amp; Sviluppo\" \/>\n<meta property=\"og:description\" content=\"PROGRAMMA SPECIFICO N. 40\/23 &#8211; INTEGRA FORMAZIONE A FAVORE DI PERSONE IN CONDIZIONI DI SVANTAGGIO E A PERSONE CON DISABILITA&#8217; IN CARICO AI SERVIZI SOCIALI, AI SERVIZI DI INTEGRAZIONE LAVORATIVA (SIL), AI SERVIZI SANITARI, AL COLLOCAMENTE MIRATO, A COMUNI E PREFETTURE DEL TERRITORIO REGIONALE Indar Formazione &amp; Sviluppo organizza percorsi formativi finalizzati all&#8217;inclusione sociale, integrazione [&hellip;]\" \/>\n<meta property=\"og:url\" content=\"https:\/\/www.indarfor.it\/index.php\/programma-specifico-24-23-formazione-a-favore-di-persone-a-rischio-di-esclusione-marginalita-discriminazione-in-carico-ai-servizi-sociali-sanitari-e-ai-servizi-di-collocamento-mirato\/\" \/>\n<meta property=\"og:site_name\" content=\"Indar Formazione &amp; Sviluppo\" \/>\n<meta property=\"article:modified_time\" content=\"2026-03-25T13:29:35+00:00\" \/>\n<meta property=\"og:image\" content=\"https:\/\/www.indarfor.it\/wp-content\/uploads\/2024\/08\/logo-PIAZZA.jpg\" \/>\n\t<meta property=\"og:image:width\" content=\"1608\" \/>\n\t<meta property=\"og:image:height\" content=\"132\" \/>\n\t<meta property=\"og:image:type\" content=\"image\/jpeg\" \/>\n<meta name=\"twitter:card\" content=\"summary_large_image\" \/>\n<meta name=\"twitter:label1\" content=\"Tempo di lettura stimato\" \/>\n\t<meta name=\"twitter:data1\" content=\"3 minuti\" \/>\n<script type=\"application\/ld+json\" class=\"yoast-schema-graph\">{\"@context\":\"https:\/\/schema.org\",\"@graph\":[{\"@type\":\"WebPage\",\"@id\":\"https:\/\/www.indarfor.it\/index.php\/programma-specifico-24-23-formazione-a-favore-di-persone-a-rischio-di-esclusione-marginalita-discriminazione-in-carico-ai-servizi-sociali-sanitari-e-ai-servizi-di-collocamento-mirato\/\",\"url\":\"https:\/\/www.indarfor.it\/index.php\/programma-specifico-24-23-formazione-a-favore-di-persone-a-rischio-di-esclusione-marginalita-discriminazione-in-carico-ai-servizi-sociali-sanitari-e-ai-servizi-di-collocamento-mirato\/\",\"name\":\"Programma Specifico 40\/23 - INTEGRA - Indar Formazione &amp; Sviluppo\",\"isPartOf\":{\"@id\":\"https:\/\/www.indarfor.it\/#website\"},\"primaryImageOfPage\":{\"@id\":\"https:\/\/www.indarfor.it\/index.php\/programma-specifico-24-23-formazione-a-favore-di-persone-a-rischio-di-esclusione-marginalita-discriminazione-in-carico-ai-servizi-sociali-sanitari-e-ai-servizi-di-collocamento-mirato\/#primaryimage\"},\"image\":{\"@id\":\"https:\/\/www.indarfor.it\/index.php\/programma-specifico-24-23-formazione-a-favore-di-persone-a-rischio-di-esclusione-marginalita-discriminazione-in-carico-ai-servizi-sociali-sanitari-e-ai-servizi-di-collocamento-mirato\/#primaryimage\"},\"thumbnailUrl\":\"https:\/\/www.indarfor.it\/wp-content\/uploads\/2024\/08\/logo-PIAZZA.jpg\",\"datePublished\":\"2025-05-27T15:54:38+00:00\",\"dateModified\":\"2026-03-25T13:29:35+00:00\",\"breadcrumb\":{\"@id\":\"https:\/\/www.indarfor.it\/index.php\/programma-specifico-24-23-formazione-a-favore-di-persone-a-rischio-di-esclusione-marginalita-discriminazione-in-carico-ai-servizi-sociali-sanitari-e-ai-servizi-di-collocamento-mirato\/#breadcrumb\"},\"inLanguage\":\"it-IT\",\"potentialAction\":[{\"@type\":\"ReadAction\",\"target\":[\"https:\/\/www.indarfor.it\/index.php\/programma-specifico-24-23-formazione-a-favore-di-persone-a-rischio-di-esclusione-marginalita-discriminazione-in-carico-ai-servizi-sociali-sanitari-e-ai-servizi-di-collocamento-mirato\/\"]}]},{\"@type\":\"ImageObject\",\"inLanguage\":\"it-IT\",\"@id\":\"https:\/\/www.indarfor.it\/index.php\/programma-specifico-24-23-formazione-a-favore-di-persone-a-rischio-di-esclusione-marginalita-discriminazione-in-carico-ai-servizi-sociali-sanitari-e-ai-servizi-di-collocamento-mirato\/#primaryimage\",\"url\":\"https:\/\/www.indarfor.it\/wp-content\/uploads\/2024\/08\/logo-PIAZZA.jpg\",\"contentUrl\":\"https:\/\/www.indarfor.it\/wp-content\/uploads\/2024\/08\/logo-PIAZZA.jpg\",\"width\":1608,\"height\":132},{\"@type\":\"BreadcrumbList\",\"@id\":\"https:\/\/www.indarfor.it\/index.php\/programma-specifico-24-23-formazione-a-favore-di-persone-a-rischio-di-esclusione-marginalita-discriminazione-in-carico-ai-servizi-sociali-sanitari-e-ai-servizi-di-collocamento-mirato\/#breadcrumb\",\"itemListElement\":[{\"@type\":\"ListItem\",\"position\":1,\"name\":\"Home\",\"item\":\"https:\/\/www.indarfor.it\/\"},{\"@type\":\"ListItem\",\"position\":2,\"name\":\"Programma Specifico 40\/23 &#8211; INTEGRA\"}]},{\"@type\":\"WebSite\",\"@id\":\"https:\/\/www.indarfor.it\/#website\",\"url\":\"https:\/\/www.indarfor.it\/\",\"name\":\"Indar Formazione &amp; Sviluppo\",\"description\":\"Ente di formazione\",\"potentialAction\":[{\"@type\":\"SearchAction\",\"target\":{\"@type\":\"EntryPoint\",\"urlTemplate\":\"https:\/\/www.indarfor.it\/?s={search_term_string}\"},\"query-input\":{\"@type\":\"PropertyValueSpecification\",\"valueRequired\":true,\"valueName\":\"search_term_string\"}}],\"inLanguage\":\"it-IT\"}]}<\/script>\n<!-- \/ Yoast SEO plugin. -->","yoast_head_json":{"title":"Programma Specifico 40\/23 - INTEGRA - Indar Formazione &amp; Sviluppo","robots":{"index":"index","follow":"follow","max-snippet":"max-snippet:-1","max-image-preview":"max-image-preview:large","max-video-preview":"max-video-preview:-1"},"canonical":"https:\/\/www.indarfor.it\/index.php\/programma-specifico-24-23-formazione-a-favore-di-persone-a-rischio-di-esclusione-marginalita-discriminazione-in-carico-ai-servizi-sociali-sanitari-e-ai-servizi-di-collocamento-mirato\/","og_locale":"it_IT","og_type":"article","og_title":"Programma Specifico 40\/23 - INTEGRA - Indar Formazione &amp; Sviluppo","og_description":"PROGRAMMA SPECIFICO N. 40\/23 &#8211; INTEGRA FORMAZIONE A FAVORE DI PERSONE IN CONDIZIONI DI SVANTAGGIO E A PERSONE CON DISABILITA&#8217; IN CARICO AI SERVIZI SOCIALI, AI SERVIZI DI INTEGRAZIONE LAVORATIVA (SIL), AI SERVIZI SANITARI, AL COLLOCAMENTE MIRATO, A COMUNI E PREFETTURE DEL TERRITORIO REGIONALE Indar Formazione &amp; Sviluppo organizza percorsi formativi finalizzati all&#8217;inclusione sociale, integrazione [&hellip;]","og_url":"https:\/\/www.indarfor.it\/index.php\/programma-specifico-24-23-formazione-a-favore-di-persone-a-rischio-di-esclusione-marginalita-discriminazione-in-carico-ai-servizi-sociali-sanitari-e-ai-servizi-di-collocamento-mirato\/","og_site_name":"Indar Formazione &amp; Sviluppo","article_modified_time":"2026-03-25T13:29:35+00:00","og_image":[{"width":1608,"height":132,"url":"https:\/\/www.indarfor.it\/wp-content\/uploads\/2024\/08\/logo-PIAZZA.jpg","type":"image\/jpeg"}],"twitter_card":"summary_large_image","twitter_misc":{"Tempo di lettura stimato":"3 minuti"},"schema":{"@context":"https:\/\/schema.org","@graph":[{"@type":"WebPage","@id":"https:\/\/www.indarfor.it\/index.php\/programma-specifico-24-23-formazione-a-favore-di-persone-a-rischio-di-esclusione-marginalita-discriminazione-in-carico-ai-servizi-sociali-sanitari-e-ai-servizi-di-collocamento-mirato\/","url":"https:\/\/www.indarfor.it\/index.php\/programma-specifico-24-23-formazione-a-favore-di-persone-a-rischio-di-esclusione-marginalita-discriminazione-in-carico-ai-servizi-sociali-sanitari-e-ai-servizi-di-collocamento-mirato\/","name":"Programma Specifico 40\/23 - INTEGRA - Indar Formazione &amp; Sviluppo","isPartOf":{"@id":"https:\/\/www.indarfor.it\/#website"},"primaryImageOfPage":{"@id":"https:\/\/www.indarfor.it\/index.php\/programma-specifico-24-23-formazione-a-favore-di-persone-a-rischio-di-esclusione-marginalita-discriminazione-in-carico-ai-servizi-sociali-sanitari-e-ai-servizi-di-collocamento-mirato\/#primaryimage"},"image":{"@id":"https:\/\/www.indarfor.it\/index.php\/programma-specifico-24-23-formazione-a-favore-di-persone-a-rischio-di-esclusione-marginalita-discriminazione-in-carico-ai-servizi-sociali-sanitari-e-ai-servizi-di-collocamento-mirato\/#primaryimage"},"thumbnailUrl":"https:\/\/www.indarfor.it\/wp-content\/uploads\/2024\/08\/logo-PIAZZA.jpg","datePublished":"2025-05-27T15:54:38+00:00","dateModified":"2026-03-25T13:29:35+00:00","breadcrumb":{"@id":"https:\/\/www.indarfor.it\/index.php\/programma-specifico-24-23-formazione-a-favore-di-persone-a-rischio-di-esclusione-marginalita-discriminazione-in-carico-ai-servizi-sociali-sanitari-e-ai-servizi-di-collocamento-mirato\/#breadcrumb"},"inLanguage":"it-IT","potentialAction":[{"@type":"ReadAction","target":["https:\/\/www.indarfor.it\/index.php\/programma-specifico-24-23-formazione-a-favore-di-persone-a-rischio-di-esclusione-marginalita-discriminazione-in-carico-ai-servizi-sociali-sanitari-e-ai-servizi-di-collocamento-mirato\/"]}]},{"@type":"ImageObject","inLanguage":"it-IT","@id":"https:\/\/www.indarfor.it\/index.php\/programma-specifico-24-23-formazione-a-favore-di-persone-a-rischio-di-esclusione-marginalita-discriminazione-in-carico-ai-servizi-sociali-sanitari-e-ai-servizi-di-collocamento-mirato\/#primaryimage","url":"https:\/\/www.indarfor.it\/wp-content\/uploads\/2024\/08\/logo-PIAZZA.jpg","contentUrl":"https:\/\/www.indarfor.it\/wp-content\/uploads\/2024\/08\/logo-PIAZZA.jpg","width":1608,"height":132},{"@type":"BreadcrumbList","@id":"https:\/\/www.indarfor.it\/index.php\/programma-specifico-24-23-formazione-a-favore-di-persone-a-rischio-di-esclusione-marginalita-discriminazione-in-carico-ai-servizi-sociali-sanitari-e-ai-servizi-di-collocamento-mirato\/#breadcrumb","itemListElement":[{"@type":"ListItem","position":1,"name":"Home","item":"https:\/\/www.indarfor.it\/"},{"@type":"ListItem","position":2,"name":"Programma Specifico 40\/23 &#8211; INTEGRA"}]},{"@type":"WebSite","@id":"https:\/\/www.indarfor.it\/#website","url":"https:\/\/www.indarfor.it\/","name":"Indar Formazione &amp; Sviluppo","description":"Ente di formazione","potentialAction":[{"@type":"SearchAction","target":{"@type":"EntryPoint","urlTemplate":"https:\/\/www.indarfor.it\/?s={search_term_string}"},"query-input":{"@type":"PropertyValueSpecification","valueRequired":true,"valueName":"search_term_string"}}],"inLanguage":"it-IT"}]}},"_links":{"self":[{"href":"https:\/\/www.indarfor.it\/index.php\/wp-json\/wp\/v2\/pages\/3104","targetHints":{"allow":["GET"]}}],"collection":[{"href":"https:\/\/www.indarfor.it\/index.php\/wp-json\/wp\/v2\/pages"}],"about":[{"href":"https:\/\/www.indarfor.it\/index.php\/wp-json\/wp\/v2\/types\/page"}],"author":[{"embeddable":true,"href":"https:\/\/www.indarfor.it\/index.php\/wp-json\/wp\/v2\/users\/1"}],"replies":[{"embeddable":true,"href":"https:\/\/www.indarfor.it\/index.php\/wp-json\/wp\/v2\/comments?post=3104"}],"version-history":[{"count":26,"href":"https:\/\/www.indarfor.it\/index.php\/wp-json\/wp\/v2\/pages\/3104\/revisions"}],"predecessor-version":[{"id":3518,"href":"https:\/\/www.indarfor.it\/index.php\/wp-json\/wp\/v2\/pages\/3104\/revisions\/3518"}],"wp:attachment":[{"href":"https:\/\/www.indarfor.it\/index.php\/wp-json\/wp\/v2\/media?parent=3104"}],"curies":[{"name":"wp","href":"https:\/\/api.w.org\/{rel}","templated":true}]}}